{"id":46350,"date":"2025-05-30T07:01:30","date_gmt":"2025-05-30T07:01:30","guid":{"rendered":"https:\/\/tourismhr.ca\/a-propos-de-nous\/groupe-de-travail-sur-la-reprise-et-la-croissance-de-la-main-doeuvre\/"},"modified":"2025-08-06T16:45:34","modified_gmt":"2025-08-06T16:45:34","slug":"groupe-de-travail-sur-la-reprise-et-la-croissance-de-la-main-doeuvre","status":"publish","type":"page","link":"https:\/\/tourismhr.ca\/fr\/a-propos-de-nous\/groupe-de-travail-sur-la-reprise-et-la-croissance-de-la-main-doeuvre\/","title":{"rendered":"Groupe de travail sur la croissance de la main-d\u2019\u0153uvre"},"content":{"rendered":"\t\t<div data-elementor-type=\"wp-page\" data-elementor-id=\"46350\" class=\"elementor elementor-46350 elementor-8227\" data-elementor-post-type=\"page\">\n\t\t\t\t<div class=\"elementor-element elementor-element-a356a73 e-con-full e-flex e-con e-parent\" data-id=\"a356a73\" data-element_type=\"container\" data-e-type=\"container\" data-settings=\"{&quot;background_background&quot;:&quot;classic&quot;}\">\n\t\t<div class=\"elementor-element elementor-element-599cc52 e-flex e-con-boxed e-con e-child\" data-id=\"599cc52\" data-element_type=\"container\" data-e-type=\"container\">\n\t\t\t\t\t<div class=\"e-con-inner\">\n\t\t<div class=\"elementor-element elementor-element-f73b0a1 e-con-full e-flex e-con e-child\" data-id=\"f73b0a1\" data-element_type=\"container\" data-e-type=\"container\">\n\t\t\t\t<div class=\"elementor-element elementor-element-3b35552 elementor-align-left elementor-widget elementor-widget-breadcrumbs\" data-id=\"3b35552\" data-element_type=\"widget\" data-e-type=\"widget\" data-widget_type=\"breadcrumbs.default\">\n\t\t\t\t<div class=\"elementor-widget-container\">\n\t\t\t\t\t<div id=\"breadcrumbs\"><span><span><a href=\"https:\/\/tourismhr.ca\/fr\/accueil\/\">Accueil<\/a><\/span><\/span><\/div>\t\t\t\t<\/div>\n\t\t\t\t<\/div>\n\t\t\t\t<div class=\"elementor-element elementor-element-2284c5d elementor-widget elementor-widget-heading\" data-id=\"2284c5d\" data-element_type=\"widget\" data-e-type=\"widget\" data-widget_type=\"heading.default\">\n\t\t\t\t<div class=\"elementor-widget-container\">\n\t\t\t\t\t<h2 class=\"elementor-heading-title elementor-size-default\">Groupe de travail sur la croissance de la main-d\u2019\u0153uvre<\/h2>\t\t\t\t<\/div>\n\t\t\t\t<\/div>\n\t\t\t\t<div class=\"elementor-element elementor-element-501afc9 elementor-widget__width-initial elementor-widget elementor-widget-spacer\" data-id=\"501afc9\" data-element_type=\"widget\" data-e-type=\"widget\" data-widget_type=\"spacer.default\">\n\t\t\t\t<div class=\"elementor-widget-container\">\n\t\t\t\t\t\t\t<div class=\"elementor-spacer\">\n\t\t\t<div class=\"elementor-spacer-inner\"><\/div>\n\t\t<\/div>\n\t\t\t\t\t\t<\/div>\n\t\t\t\t<\/div>\n\t\t\t\t<\/div>\n\t\t\t\t\t<\/div>\n\t\t\t\t<\/div>\n\t\t\t\t<\/div>\n\t\t<div class=\"elementor-element elementor-element-a595189 e-con-full pattern-bg-about e-flex e-con e-parent\" data-id=\"a595189\" data-element_type=\"container\" data-e-type=\"container\" data-settings=\"{&quot;background_background&quot;:&quot;classic&quot;}\">\n\t\t<div class=\"elementor-element elementor-element-4068965 e-grid e-con-boxed e-con e-child\" data-id=\"4068965\" data-element_type=\"container\" data-e-type=\"container\">\n\t\t\t\t\t<div class=\"e-con-inner\">\n\t\t<div class=\"elementor-element elementor-element-7fa0473 e-con-full e-flex e-con e-child\" data-id=\"7fa0473\" data-element_type=\"container\" data-e-type=\"container\">\n\t\t\t\t<div class=\"elementor-element elementor-element-0806046 elementor-widget elementor-widget-image\" data-id=\"0806046\" data-element_type=\"widget\" data-e-type=\"widget\" data-widget_type=\"image.default\">\n\t\t\t\t<div class=\"elementor-widget-container\">\n\t\t\t\t\t\t\t\t\t\t\t\t\t\t\t<img fetchpriority=\"high\" decoding=\"async\" width=\"600\" height=\"400\" src=\"https:\/\/tourismhr.ca\/wp-content\/uploads\/2025\/08\/Task-Force-graphic-FR.png\" class=\"attachment-large size-large wp-image-49310\" alt=\"\" srcset=\"https:\/\/tourismhr.ca\/wp-content\/uploads\/2025\/08\/Task-Force-graphic-FR.png 600w, https:\/\/tourismhr.ca\/wp-content\/uploads\/2025\/08\/Task-Force-graphic-FR-300x200.png 300w\" sizes=\"(max-width: 600px) 100vw, 600px\" \/>\t\t\t\t\t\t\t\t\t\t\t\t\t\t\t<\/div>\n\t\t\t\t<\/div>\n\t\t\t\t<\/div>\n\t\t<div class=\"elementor-element elementor-element-c2172b6 e-con-full e-flex e-con e-child\" data-id=\"c2172b6\" data-element_type=\"container\" data-e-type=\"container\">\n\t\t\t\t<div class=\"elementor-element elementor-element-7251f97 section-header elementor-widget elementor-widget-heading\" data-id=\"7251f97\" data-element_type=\"widget\" data-e-type=\"widget\" data-widget_type=\"heading.default\">\n\t\t\t\t<div class=\"elementor-widget-container\">\n\t\t\t\t\t<h2 class=\"elementor-heading-title elementor-size-default\">R\u00e9agir \u00e0 la crise du march\u00e9 du travail<\/h2>\t\t\t\t<\/div>\n\t\t\t\t<\/div>\n\t\t\t\t<div class=\"elementor-element elementor-element-e591dca elementor-widget elementor-widget-text-editor\" data-id=\"e591dca\" data-element_type=\"widget\" data-e-type=\"widget\" data-widget_type=\"text-editor.default\">\n\t\t\t\t<div class=\"elementor-widget-container\">\n\t\t\t\t\t\t\t\t\t<p>Par essence, le tourisme est une industrie compos\u00e9e d\u2019entreprises ax\u00e9es sur les personnes et il doit pouvoir compter sur une main-d\u2019\u0153uvre qualifi\u00e9e pour tirer pleinement parti du potentiel \u00e9conomique au Canada.<\/p><p>Pour assurer la croissance des entreprises touristiques, il est essentiel d\u2019adopter une approche pansectorielle.<\/p><p>Cette approche pour la croissance de la main-d\u2019\u0153uvre devra \u00eatre flexible et coordonn\u00e9e, ainsi qu\u2019\u00eatre assortie de ressources suffisantes pour pouvoir r\u00e9agir aux demandes urgentes, ainsi qu\u2019assurer la viabilit\u00e9 \u00e9conomique et sociale \u00e0 long terme. Essentiellement, l\u2019objectif est de doter l\u2019industrie d\u2019une strat\u00e9gie coh\u00e9rente pour r\u00e9soudre ses enjeux syst\u00e9miques et organisationnels, am\u00e9liorer sa r\u00e9silience et renforcer sa capacit\u00e9 en tant que moteur de l\u2019\u00e9conomie.<\/p>\t\t\t\t\t\t\t\t<\/div>\n\t\t\t\t<\/div>\n\t\t\t\t<\/div>\n\t\t\t\t\t<\/div>\n\t\t\t\t<\/div>\n\t\t\t\t<\/div>\n\t\t<div class=\"elementor-element elementor-element-2f3d044 e-con-full e-flex e-con e-parent\" data-id=\"2f3d044\" data-element_type=\"container\" data-e-type=\"container\" data-settings=\"{&quot;background_background&quot;:&quot;classic&quot;}\">\n\t\t<div class=\"elementor-element elementor-element-d8a0d89 e-flex e-con-boxed e-con e-child\" data-id=\"d8a0d89\" data-element_type=\"container\" data-e-type=\"container\">\n\t\t\t\t\t<div class=\"e-con-inner\">\n\t\t<div class=\"elementor-element elementor-element-93bc1e9 e-con-full e-flex e-con e-child\" data-id=\"93bc1e9\" data-element_type=\"container\" data-e-type=\"container\">\n\t\t\t\t<div class=\"elementor-element elementor-element-a8072f0 elementor-widget elementor-widget-text-editor\" data-id=\"a8072f0\" data-element_type=\"widget\" data-e-type=\"widget\" data-widget_type=\"text-editor.default\">\n\t\t\t\t<div class=\"elementor-widget-container\">\n\t\t\t\t\t\t\t\t\t<p>Organis\u00e9 par RH Tourisme Canada, le Groupe de travail pancanadien sur la croissance de la main-d\u2019\u0153uvre en tourisme a comme objectif de d\u00e9velopper un cadre de la croissance qui tient compte des enjeux syst\u00e9miques et organisationnels \u00e0 court et \u00e0 long terme.<\/p><p><strong>Le comit\u00e9 s&rsquo;engage notamment \u00e0 :<\/strong><\/p>\t\t\t\t\t\t\t\t<\/div>\n\t\t\t\t<\/div>\n\t\t\t\t<div class=\"elementor-element elementor-element-607770e elementor-icon-list--layout-inline elementor-align-start elementor-widget__width-initial full-width-list elementor-list-item-link-full_width elementor-widget elementor-widget-icon-list\" data-id=\"607770e\" data-element_type=\"widget\" data-e-type=\"widget\" data-widget_type=\"icon-list.default\">\n\t\t\t\t<div class=\"elementor-widget-container\">\n\t\t\t\t\t\t\t<ul class=\"elementor-icon-list-items elementor-inline-items\">\n\t\t\t\t\t\t\t<li class=\"elementor-icon-list-item elementor-inline-item\">\n\t\t\t\t\t\t\t\t\t\t\t<span class=\"elementor-icon-list-icon\">\n\t\t\t\t\t\t\t<svg xmlns=\"http:\/\/www.w3.org\/2000\/svg\" width=\"25\" height=\"25\" viewBox=\"0 0 25 25\" fill=\"none\"><path d=\"M22.939 11.5799V12.4999C22.9377 14.6563 22.2395 16.7545 20.9483 18.4817C19.6571 20.2088 17.8422 21.4723 15.7743 22.0838C13.7064 22.6952 11.4962 22.6218 9.47344 21.8744C7.45065 21.1271 5.72362 19.746 4.54993 17.9369C3.37623 16.1279 2.81876 13.9879 2.96064 11.8362C3.10253 9.68443 3.93617 7.63619 5.33724 5.99694C6.73832 4.35768 8.63175 3.21525 10.7352 2.74001C12.8386 2.26477 15.0392 2.4822 17.009 3.35986\" stroke=\"#CF4520\" stroke-width=\"2\" stroke-linecap=\"round\" stroke-linejoin=\"round\"><\/path><path d=\"M22.939 4.5L12.939 14.51L9.93896 11.51\" stroke=\"#CF4520\" stroke-width=\"2\" stroke-linecap=\"round\" stroke-linejoin=\"round\"><\/path><\/svg>\t\t\t\t\t\t<\/span>\n\t\t\t\t\t\t\t\t\t\t<span class=\"elementor-icon-list-text\">chercher de nouvelles approches pour cr\u00e9er une offre continue de travailleurs qualifi\u00e9s;<\/span>\n\t\t\t\t\t\t\t\t\t<\/li>\n\t\t\t\t\t\t\t\t<li class=\"elementor-icon-list-item elementor-inline-item\">\n\t\t\t\t\t\t\t\t\t\t\t<span class=\"elementor-icon-list-icon\">\n\t\t\t\t\t\t\t<svg xmlns=\"http:\/\/www.w3.org\/2000\/svg\" width=\"25\" height=\"25\" viewBox=\"0 0 25 25\" fill=\"none\"><path d=\"M22.939 11.5799V12.4999C22.9377 14.6563 22.2395 16.7545 20.9483 18.4817C19.6571 20.2088 17.8422 21.4723 15.7743 22.0838C13.7064 22.6952 11.4962 22.6218 9.47344 21.8744C7.45065 21.1271 5.72362 19.746 4.54993 17.9369C3.37623 16.1279 2.81876 13.9879 2.96064 11.8362C3.10253 9.68443 3.93617 7.63619 5.33724 5.99694C6.73832 4.35768 8.63175 3.21525 10.7352 2.74001C12.8386 2.26477 15.0392 2.4822 17.009 3.35986\" stroke=\"#CF4520\" stroke-width=\"2\" stroke-linecap=\"round\" stroke-linejoin=\"round\"><\/path><path d=\"M22.939 4.5L12.939 14.51L9.93896 11.51\" stroke=\"#CF4520\" stroke-width=\"2\" stroke-linecap=\"round\" stroke-linejoin=\"round\"><\/path><\/svg>\t\t\t\t\t\t<\/span>\n\t\t\t\t\t\t\t\t\t\t<span class=\"elementor-icon-list-text\">optimiser le rendement de la main-d\u2019\u0153uvre en mettant en place des initiatives de d\u00e9veloppement cibl\u00e9 et durable de la main-d\u2019\u0153uvre;<\/span>\n\t\t\t\t\t\t\t\t\t<\/li>\n\t\t\t\t\t\t\t\t<li class=\"elementor-icon-list-item elementor-inline-item\">\n\t\t\t\t\t\t\t\t\t\t\t<span class=\"elementor-icon-list-icon\">\n\t\t\t\t\t\t\t<svg xmlns=\"http:\/\/www.w3.org\/2000\/svg\" width=\"25\" height=\"25\" viewBox=\"0 0 25 25\" fill=\"none\"><path d=\"M22.939 11.5799V12.4999C22.9377 14.6563 22.2395 16.7545 20.9483 18.4817C19.6571 20.2088 17.8422 21.4723 15.7743 22.0838C13.7064 22.6952 11.4962 22.6218 9.47344 21.8744C7.45065 21.1271 5.72362 19.746 4.54993 17.9369C3.37623 16.1279 2.81876 13.9879 2.96064 11.8362C3.10253 9.68443 3.93617 7.63619 5.33724 5.99694C6.73832 4.35768 8.63175 3.21525 10.7352 2.74001C12.8386 2.26477 15.0392 2.4822 17.009 3.35986\" stroke=\"#CF4520\" stroke-width=\"2\" stroke-linecap=\"round\" stroke-linejoin=\"round\"><\/path><path d=\"M22.939 4.5L12.939 14.51L9.93896 11.51\" stroke=\"#CF4520\" stroke-width=\"2\" stroke-linecap=\"round\" stroke-linejoin=\"round\"><\/path><\/svg>\t\t\t\t\t\t<\/span>\n\t\t\t\t\t\t\t\t\t\t<span class=\"elementor-icon-list-text\">\u00e9liminer les obstacles \u00e0 l\u2019emploi dans le secteur par la r\u00e9forme des politiques;<\/span>\n\t\t\t\t\t\t\t\t\t<\/li>\n\t\t\t\t\t\t\t\t<li class=\"elementor-icon-list-item elementor-inline-item\">\n\t\t\t\t\t\t\t\t\t\t\t<span class=\"elementor-icon-list-icon\">\n\t\t\t\t\t\t\t<svg xmlns=\"http:\/\/www.w3.org\/2000\/svg\" width=\"25\" height=\"25\" viewBox=\"0 0 25 25\" fill=\"none\"><path d=\"M22.939 11.5799V12.4999C22.9377 14.6563 22.2395 16.7545 20.9483 18.4817C19.6571 20.2088 17.8422 21.4723 15.7743 22.0838C13.7064 22.6952 11.4962 22.6218 9.47344 21.8744C7.45065 21.1271 5.72362 19.746 4.54993 17.9369C3.37623 16.1279 2.81876 13.9879 2.96064 11.8362C3.10253 9.68443 3.93617 7.63619 5.33724 5.99694C6.73832 4.35768 8.63175 3.21525 10.7352 2.74001C12.8386 2.26477 15.0392 2.4822 17.009 3.35986\" stroke=\"#CF4520\" stroke-width=\"2\" stroke-linecap=\"round\" stroke-linejoin=\"round\"><\/path><path d=\"M22.939 4.5L12.939 14.51L9.93896 11.51\" stroke=\"#CF4520\" stroke-width=\"2\" stroke-linecap=\"round\" stroke-linejoin=\"round\"><\/path><\/svg>\t\t\t\t\t\t<\/span>\n\t\t\t\t\t\t\t\t\t\t<span class=\"elementor-icon-list-text\">sugg\u00e9rer de nouvelles strat\u00e9gies qui am\u00e9liorent les pratiques et mesures de soutien en gestion des ressources humaines afin d\u2019aider les employeurs \u00e0 mieux g\u00e9rer les enjeux nouveaux et \u00e9mergents de main-d\u2019\u0153uvre;<\/span>\n\t\t\t\t\t\t\t\t\t<\/li>\n\t\t\t\t\t\t\t\t<li class=\"elementor-icon-list-item elementor-inline-item\">\n\t\t\t\t\t\t\t\t\t\t\t<span class=\"elementor-icon-list-icon\">\n\t\t\t\t\t\t\t<svg xmlns=\"http:\/\/www.w3.org\/2000\/svg\" width=\"25\" height=\"25\" viewBox=\"0 0 25 25\" fill=\"none\"><path d=\"M22.939 11.5799V12.4999C22.9377 14.6563 22.2395 16.7545 20.9483 18.4817C19.6571 20.2088 17.8422 21.4723 15.7743 22.0838C13.7064 22.6952 11.4962 22.6218 9.47344 21.8744C7.45065 21.1271 5.72362 19.746 4.54993 17.9369C3.37623 16.1279 2.81876 13.9879 2.96064 11.8362C3.10253 9.68443 3.93617 7.63619 5.33724 5.99694C6.73832 4.35768 8.63175 3.21525 10.7352 2.74001C12.8386 2.26477 15.0392 2.4822 17.009 3.35986\" stroke=\"#CF4520\" stroke-width=\"2\" stroke-linecap=\"round\" stroke-linejoin=\"round\"><\/path><path d=\"M22.939 4.5L12.939 14.51L9.93896 11.51\" stroke=\"#CF4520\" stroke-width=\"2\" stroke-linecap=\"round\" stroke-linejoin=\"round\"><\/path><\/svg>\t\t\t\t\t\t<\/span>\n\t\t\t\t\t\t\t\t\t\t<span class=\"elementor-icon-list-text\">faire des recommandations pour r\u00e9tablir la r\u00e9putation de l\u2019industrie et faciliter ainsi ses efforts de recrutement et de maintien en poste des travailleurs.<\/span>\n\t\t\t\t\t\t\t\t\t<\/li>\n\t\t\t\t\t\t<\/ul>\n\t\t\t\t\t\t<\/div>\n\t\t\t\t<\/div>\n\t\t\t\t<\/div>\n\t\t\t\t\t<\/div>\n\t\t\t\t<\/div>\n\t\t\t\t<\/div>\n\t\t<div class=\"elementor-element elementor-element-99a7e3d e-con-full pattern-bg-blue e-flex e-con e-parent\" data-id=\"99a7e3d\" data-element_type=\"container\" data-e-type=\"container\" data-settings=\"{&quot;background_background&quot;:&quot;classic&quot;}\">\n\t\t<div class=\"elementor-element elementor-element-f7416ea e-flex e-con-boxed e-con e-child\" data-id=\"f7416ea\" data-element_type=\"container\" data-e-type=\"container\">\n\t\t\t\t\t<div class=\"e-con-inner\">\n\t\t<div class=\"elementor-element elementor-element-38b45aa e-con-full e-flex e-con e-child\" data-id=\"38b45aa\" data-element_type=\"container\" data-e-type=\"container\">\n\t\t\t\t<div class=\"elementor-element elementor-element-032a239 section-header elementor-widget elementor-widget-heading\" data-id=\"032a239\" data-element_type=\"widget\" data-e-type=\"widget\" data-widget_type=\"heading.default\">\n\t\t\t\t<div class=\"elementor-widget-container\">\n\t\t\t\t\t<h2 class=\"elementor-heading-title elementor-size-default\">Au minimum, le groupe de travail explore les six piliers suivants pour le cadre de croissance de la main-d\u2019\u0153uvre :<\/h2>\t\t\t\t<\/div>\n\t\t\t\t<\/div>\n\t\t\t\t<div class=\"elementor-element elementor-element-7859f50 elementor-widget elementor-widget-text-editor\" data-id=\"7859f50\" data-element_type=\"widget\" data-e-type=\"widget\" data-widget_type=\"text-editor.default\">\n\t\t\t\t<div class=\"elementor-widget-container\">\n\t\t\t\t\t\t\t\t\t<ol><li>programmes et services de r\u00e9orientation et de perfectionnement dans le contexte de la reprise ;<\/li><li>strat\u00e9gie de renforcement des technologies pour am\u00e9liorer la r\u00e9silience des entreprises ;<\/li><li>strat\u00e9gie compl\u00e8te de recrutement et de r\u00e9tention des travailleurs ;<\/li><li>outils d&rsquo;aide \u00e0 la gestion des nouvelles demandes RH pour les employeurs ;\u00a0<\/li><li>mesures li\u00e9es aux politiques et aux activit\u00e9s de sensibilisation ;\u00a0<\/li><li>poursuite des \u00e9tudes sur l&rsquo;information sur le march\u00e9 du travail et la main-d&rsquo;\u0153uvre en vue d&rsquo;orienter les strat\u00e9gies.<\/li><\/ol>\t\t\t\t\t\t\t\t<\/div>\n\t\t\t\t<\/div>\n\t\t\t\t<\/div>\n\t\t<div class=\"elementor-element elementor-element-4676378 e-con-full e-flex e-con e-child\" data-id=\"4676378\" data-element_type=\"container\" data-e-type=\"container\">\n\t\t\t\t<div class=\"elementor-element elementor-element-4d5a1aa elementor-widget elementor-widget-image\" data-id=\"4d5a1aa\" data-element_type=\"widget\" data-e-type=\"widget\" data-widget_type=\"image.default\">\n\t\t\t\t<div class=\"elementor-widget-container\">\n\t\t\t\t\t\t\t\t\t\t\t\t\t\t\t<img decoding=\"async\" width=\"1921\" height=\"1508\" src=\"https:\/\/tourismhr.ca\/wp-content\/uploads\/2025\/07\/graphic_FR.png\" class=\"attachment-full size-full wp-image-48701\" alt=\"\" srcset=\"https:\/\/tourismhr.ca\/wp-content\/uploads\/2025\/07\/graphic_FR.png 1921w, https:\/\/tourismhr.ca\/wp-content\/uploads\/2025\/07\/graphic_FR-300x236.png 300w, https:\/\/tourismhr.ca\/wp-content\/uploads\/2025\/07\/graphic_FR-1024x804.png 1024w, https:\/\/tourismhr.ca\/wp-content\/uploads\/2025\/07\/graphic_FR-768x603.png 768w, https:\/\/tourismhr.ca\/wp-content\/uploads\/2025\/07\/graphic_FR-1536x1206.png 1536w\" sizes=\"(max-width: 1921px) 100vw, 1921px\" \/>\t\t\t\t\t\t\t\t\t\t\t\t\t\t\t<\/div>\n\t\t\t\t<\/div>\n\t\t\t\t<\/div>\n\t\t\t\t\t<\/div>\n\t\t\t\t<\/div>\n\t\t\t\t<div class=\"elementor-element elementor-element-8a919bb link-styled elementor-widget elementor-widget-text-editor\" data-id=\"8a919bb\" data-element_type=\"widget\" data-e-type=\"widget\" data-widget_type=\"text-editor.default\">\n\t\t\t\t<div class=\"elementor-widget-container\">\n\t\t\t\t\t\t\t\t\t<p><a href=\"https:\/\/tourismhr.ca\/wp-content\/uploads\/2025\/07\/Groupe-de-travail-sur-la-reprise-et-la-croissance-de-la-main-doeuvre.pdf\" target=\"_blank\" rel=\"noopener\">Cliquez ici pour en savoir plus sur le Groupe de travail pancanadien sur la reprise et la croissance de la main-d\u2019\u0153uvre en tourisme.<\/a><\/p><p>Restez \u00e0 l\u2019aff\u00fbt des appels \u00e0 participation! Pour assurer la croissance de la main-d\u2019\u0153uvre en tourisme, il est essentiel de conna\u00eetre l\u2019avis d\u2019experts et de solliciter les recommandations d\u2019un grand nombre de parties prenantes qui repr\u00e9sentent tous les secteurs de l\u2019industrie. Pour recevoir les derni\u00e8res nouvelles et les appels \u00e0 participation, \u00e9crivez \u00e0 <a href=\"mailto:info@tourismhr.ca\">info@TourismHR.ca<\/a> ou inscrivez-vous \u00e0 l\u2019infolettre\u00a0<a href=\"https:\/\/tourismhr.ca\/fr\/sinscrire-a-notre-bulletin-dinformation\/\" target=\"_blank\" rel=\"noopener\">Tourism HR Insider<\/a>.<\/p>\t\t\t\t\t\t\t\t<\/div>\n\t\t\t\t<\/div>\n\t\t\t\t<\/div>\n\t\t\t\t<\/div>\n\t\t","protected":false},"excerpt":{"rendered":"<p>R\u00e9agir \u00e0 la crise du march\u00e9 du travail Par essence, le tourisme est une industrie compos\u00e9e d\u2019entreprises ax\u00e9es sur les personnes et il doit pouvoir compter sur une main-d\u2019\u0153uvre qualifi\u00e9e pour tirer pleinement parti du potentiel \u00e9conomique au Canada. Pour&#8230;<\/p>\n","protected":false},"author":1,"featured_media":0,"parent":46334,"menu_order":0,"comment_status":"closed","ping_status":"closed","template":"","meta":{"_acf_changed":false,"inline_featured_image":false,"footnotes":""},"class_list":["post-46350","page","type-page","status-publish","hentry"],"acf":[],"yoast_head":"<!-- This site is optimized with the Yoast SEO plugin v27.5 - https:\/\/yoast.com\/product\/yoast-seo-wordpress\/ -->\n<title>Groupe de travail sur la croissance de la main-d\u2019\u0153uvre - Tourism HR Canada<\/title>\n<meta name=\"robots\" content=\"index, follow, max-snippet:-1, max-image-preview:large, max-video-preview:-1\" \/>\n<link rel=\"canonical\" href=\"https:\/\/tourismhr.ca\/fr\/a-propos-de-nous\/groupe-de-travail-sur-la-reprise-et-la-croissance-de-la-main-doeuvre\/\" \/>\n<meta property=\"og:locale\" content=\"fr_FR\" \/>\n<meta property=\"og:type\" content=\"article\" \/>\n<meta property=\"og:title\" content=\"Groupe de travail sur la croissance de la main-d\u2019\u0153uvre - Tourism HR Canada\" \/>\n<meta property=\"og:description\" content=\"R\u00e9agir \u00e0 la crise du march\u00e9 du travail Par essence, le tourisme est une industrie compos\u00e9e d\u2019entreprises ax\u00e9es sur les personnes et il doit pouvoir compter sur une main-d\u2019\u0153uvre qualifi\u00e9e pour tirer pleinement parti du potentiel \u00e9conomique au Canada. Pour...\" \/>\n<meta property=\"og:url\" content=\"https:\/\/tourismhr.ca\/fr\/a-propos-de-nous\/groupe-de-travail-sur-la-reprise-et-la-croissance-de-la-main-doeuvre\/\" \/>\n<meta property=\"og:site_name\" content=\"Tourism HR Canada\" \/>\n<meta property=\"article:modified_time\" content=\"2025-08-06T16:45:34+00:00\" \/>\n<meta property=\"og:image\" content=\"https:\/\/tourismhr.ca\/wp-content\/uploads\/2025\/08\/Task-Force-graphic-FR.png\" \/>\n<meta name=\"twitter:card\" content=\"summary_large_image\" \/>\n<meta name=\"twitter:label1\" content=\"Dur\u00e9e de lecture estim\u00e9e\" \/>\n\t<meta name=\"twitter:data1\" content=\"3 minutes\" \/>\n<script type=\"application\/ld+json\" class=\"yoast-schema-graph\">{\"@context\":\"https:\\\/\\\/schema.org\",\"@graph\":[{\"@type\":\"WebPage\",\"@id\":\"https:\\\/\\\/tourismhr.ca\\\/fr\\\/a-propos-de-nous\\\/groupe-de-travail-sur-la-reprise-et-la-croissance-de-la-main-doeuvre\\\/\",\"url\":\"https:\\\/\\\/tourismhr.ca\\\/fr\\\/a-propos-de-nous\\\/groupe-de-travail-sur-la-reprise-et-la-croissance-de-la-main-doeuvre\\\/\",\"name\":\"Groupe de travail sur la croissance de la main-d\u2019\u0153uvre - Tourism HR Canada\",\"isPartOf\":{\"@id\":\"https:\\\/\\\/tourismhr.ca\\\/fr\\\/#website\"},\"primaryImageOfPage\":{\"@id\":\"https:\\\/\\\/tourismhr.ca\\\/fr\\\/a-propos-de-nous\\\/groupe-de-travail-sur-la-reprise-et-la-croissance-de-la-main-doeuvre\\\/#primaryimage\"},\"image\":{\"@id\":\"https:\\\/\\\/tourismhr.ca\\\/fr\\\/a-propos-de-nous\\\/groupe-de-travail-sur-la-reprise-et-la-croissance-de-la-main-doeuvre\\\/#primaryimage\"},\"thumbnailUrl\":\"https:\\\/\\\/tourismhr.ca\\\/wp-content\\\/uploads\\\/2025\\\/08\\\/Task-Force-graphic-FR.png\",\"datePublished\":\"2025-05-30T07:01:30+00:00\",\"dateModified\":\"2025-08-06T16:45:34+00:00\",\"breadcrumb\":{\"@id\":\"https:\\\/\\\/tourismhr.ca\\\/fr\\\/a-propos-de-nous\\\/groupe-de-travail-sur-la-reprise-et-la-croissance-de-la-main-doeuvre\\\/#breadcrumb\"},\"inLanguage\":\"fr-FR\",\"potentialAction\":[{\"@type\":\"ReadAction\",\"target\":[\"https:\\\/\\\/tourismhr.ca\\\/fr\\\/a-propos-de-nous\\\/groupe-de-travail-sur-la-reprise-et-la-croissance-de-la-main-doeuvre\\\/\"]}]},{\"@type\":\"ImageObject\",\"inLanguage\":\"fr-FR\",\"@id\":\"https:\\\/\\\/tourismhr.ca\\\/fr\\\/a-propos-de-nous\\\/groupe-de-travail-sur-la-reprise-et-la-croissance-de-la-main-doeuvre\\\/#primaryimage\",\"url\":\"https:\\\/\\\/tourismhr.ca\\\/wp-content\\\/uploads\\\/2025\\\/08\\\/Task-Force-graphic-FR.png\",\"contentUrl\":\"https:\\\/\\\/tourismhr.ca\\\/wp-content\\\/uploads\\\/2025\\\/08\\\/Task-Force-graphic-FR.png\"},{\"@type\":\"BreadcrumbList\",\"@id\":\"https:\\\/\\\/tourismhr.ca\\\/fr\\\/a-propos-de-nous\\\/groupe-de-travail-sur-la-reprise-et-la-croissance-de-la-main-doeuvre\\\/#breadcrumb\",\"itemListElement\":[{\"@type\":\"ListItem\",\"position\":1,\"name\":\"Accueil\",\"item\":\"https:\\\/\\\/tourismhr.ca\\\/fr\\\/accueil\\\/\"},{\"@type\":\"ListItem\",\"position\":2,\"name\":\"\u00c0 propos de nous\",\"item\":\"https:\\\/\\\/tourismhr.ca\\\/fr\\\/a-propos-de-nous\\\/\"},{\"@type\":\"ListItem\",\"position\":3,\"name\":\"Groupe de travail sur la croissance de la main-d\u2019\u0153uvre\"}]},{\"@type\":\"WebSite\",\"@id\":\"https:\\\/\\\/tourismhr.ca\\\/fr\\\/#website\",\"url\":\"https:\\\/\\\/tourismhr.ca\\\/fr\\\/\",\"name\":\"Tourism HR\",\"description\":\"\",\"publisher\":{\"@id\":\"https:\\\/\\\/tourismhr.ca\\\/fr\\\/#organization\"},\"potentialAction\":[{\"@type\":\"SearchAction\",\"target\":{\"@type\":\"EntryPoint\",\"urlTemplate\":\"https:\\\/\\\/tourismhr.ca\\\/fr\\\/?s={search_term_string}\"},\"query-input\":{\"@type\":\"PropertyValueSpecification\",\"valueRequired\":true,\"valueName\":\"search_term_string\"}}],\"inLanguage\":\"fr-FR\"},{\"@type\":\"Organization\",\"@id\":\"https:\\\/\\\/tourismhr.ca\\\/fr\\\/#organization\",\"name\":\"Tourism HR\",\"url\":\"https:\\\/\\\/tourismhr.ca\\\/fr\\\/\",\"logo\":{\"@type\":\"ImageObject\",\"inLanguage\":\"fr-FR\",\"@id\":\"https:\\\/\\\/tourismhr.ca\\\/fr\\\/#\\\/schema\\\/logo\\\/image\\\/\",\"url\":\"https:\\\/\\\/tourismhr.ca\\\/wp-content\\\/uploads\\\/2025\\\/04\\\/logo-tourism-hr.png\",\"contentUrl\":\"https:\\\/\\\/tourismhr.ca\\\/wp-content\\\/uploads\\\/2025\\\/04\\\/logo-tourism-hr.png\",\"width\":413,\"height\":79,\"caption\":\"Tourism HR\"},\"image\":{\"@id\":\"https:\\\/\\\/tourismhr.ca\\\/fr\\\/#\\\/schema\\\/logo\\\/image\\\/\"}}]}<\/script>\n<!-- \/ Yoast SEO plugin. -->","yoast_head_json":{"title":"Groupe de travail sur la croissance de la main-d\u2019\u0153uvre - Tourism HR Canada","robots":{"index":"index","follow":"follow","max-snippet":"max-snippet:-1","max-image-preview":"max-image-preview:large","max-video-preview":"max-video-preview:-1"},"canonical":"https:\/\/tourismhr.ca\/fr\/a-propos-de-nous\/groupe-de-travail-sur-la-reprise-et-la-croissance-de-la-main-doeuvre\/","og_locale":"fr_FR","og_type":"article","og_title":"Groupe de travail sur la croissance de la main-d\u2019\u0153uvre - Tourism HR Canada","og_description":"R\u00e9agir \u00e0 la crise du march\u00e9 du travail Par essence, le tourisme est une industrie compos\u00e9e d\u2019entreprises ax\u00e9es sur les personnes et il doit pouvoir compter sur une main-d\u2019\u0153uvre qualifi\u00e9e pour tirer pleinement parti du potentiel \u00e9conomique au Canada. Pour...","og_url":"https:\/\/tourismhr.ca\/fr\/a-propos-de-nous\/groupe-de-travail-sur-la-reprise-et-la-croissance-de-la-main-doeuvre\/","og_site_name":"Tourism HR Canada","article_modified_time":"2025-08-06T16:45:34+00:00","og_image":[{"url":"https:\/\/tourismhr.ca\/wp-content\/uploads\/2025\/08\/Task-Force-graphic-FR.png","type":"","width":"","height":""}],"twitter_card":"summary_large_image","twitter_misc":{"Dur\u00e9e de lecture estim\u00e9e":"3 minutes"},"schema":{"@context":"https:\/\/schema.org","@graph":[{"@type":"WebPage","@id":"https:\/\/tourismhr.ca\/fr\/a-propos-de-nous\/groupe-de-travail-sur-la-reprise-et-la-croissance-de-la-main-doeuvre\/","url":"https:\/\/tourismhr.ca\/fr\/a-propos-de-nous\/groupe-de-travail-sur-la-reprise-et-la-croissance-de-la-main-doeuvre\/","name":"Groupe de travail sur la croissance de la main-d\u2019\u0153uvre - Tourism HR Canada","isPartOf":{"@id":"https:\/\/tourismhr.ca\/fr\/#website"},"primaryImageOfPage":{"@id":"https:\/\/tourismhr.ca\/fr\/a-propos-de-nous\/groupe-de-travail-sur-la-reprise-et-la-croissance-de-la-main-doeuvre\/#primaryimage"},"image":{"@id":"https:\/\/tourismhr.ca\/fr\/a-propos-de-nous\/groupe-de-travail-sur-la-reprise-et-la-croissance-de-la-main-doeuvre\/#primaryimage"},"thumbnailUrl":"https:\/\/tourismhr.ca\/wp-content\/uploads\/2025\/08\/Task-Force-graphic-FR.png","datePublished":"2025-05-30T07:01:30+00:00","dateModified":"2025-08-06T16:45:34+00:00","breadcrumb":{"@id":"https:\/\/tourismhr.ca\/fr\/a-propos-de-nous\/groupe-de-travail-sur-la-reprise-et-la-croissance-de-la-main-doeuvre\/#breadcrumb"},"inLanguage":"fr-FR","potentialAction":[{"@type":"ReadAction","target":["https:\/\/tourismhr.ca\/fr\/a-propos-de-nous\/groupe-de-travail-sur-la-reprise-et-la-croissance-de-la-main-doeuvre\/"]}]},{"@type":"ImageObject","inLanguage":"fr-FR","@id":"https:\/\/tourismhr.ca\/fr\/a-propos-de-nous\/groupe-de-travail-sur-la-reprise-et-la-croissance-de-la-main-doeuvre\/#primaryimage","url":"https:\/\/tourismhr.ca\/wp-content\/uploads\/2025\/08\/Task-Force-graphic-FR.png","contentUrl":"https:\/\/tourismhr.ca\/wp-content\/uploads\/2025\/08\/Task-Force-graphic-FR.png"},{"@type":"BreadcrumbList","@id":"https:\/\/tourismhr.ca\/fr\/a-propos-de-nous\/groupe-de-travail-sur-la-reprise-et-la-croissance-de-la-main-doeuvre\/#breadcrumb","itemListElement":[{"@type":"ListItem","position":1,"name":"Accueil","item":"https:\/\/tourismhr.ca\/fr\/accueil\/"},{"@type":"ListItem","position":2,"name":"\u00c0 propos de nous","item":"https:\/\/tourismhr.ca\/fr\/a-propos-de-nous\/"},{"@type":"ListItem","position":3,"name":"Groupe de travail sur la croissance de la main-d\u2019\u0153uvre"}]},{"@type":"WebSite","@id":"https:\/\/tourismhr.ca\/fr\/#website","url":"https:\/\/tourismhr.ca\/fr\/","name":"Tourism HR","description":"","publisher":{"@id":"https:\/\/tourismhr.ca\/fr\/#organization"},"potentialAction":[{"@type":"SearchAction","target":{"@type":"EntryPoint","urlTemplate":"https:\/\/tourismhr.ca\/fr\/?s={search_term_string}"},"query-input":{"@type":"PropertyValueSpecification","valueRequired":true,"valueName":"search_term_string"}}],"inLanguage":"fr-FR"},{"@type":"Organization","@id":"https:\/\/tourismhr.ca\/fr\/#organization","name":"Tourism HR","url":"https:\/\/tourismhr.ca\/fr\/","logo":{"@type":"ImageObject","inLanguage":"fr-FR","@id":"https:\/\/tourismhr.ca\/fr\/#\/schema\/logo\/image\/","url":"https:\/\/tourismhr.ca\/wp-content\/uploads\/2025\/04\/logo-tourism-hr.png","contentUrl":"https:\/\/tourismhr.ca\/wp-content\/uploads\/2025\/04\/logo-tourism-hr.png","width":413,"height":79,"caption":"Tourism HR"},"image":{"@id":"https:\/\/tourismhr.ca\/fr\/#\/schema\/logo\/image\/"}}]}},"_links":{"self":[{"href":"https:\/\/tourismhr.ca\/fr\/wp-json\/wp\/v2\/pages\/46350","targetHints":{"allow":["GET"]}}],"collection":[{"href":"https:\/\/tourismhr.ca\/fr\/wp-json\/wp\/v2\/pages"}],"about":[{"href":"https:\/\/tourismhr.ca\/fr\/wp-json\/wp\/v2\/types\/page"}],"author":[{"embeddable":true,"href":"https:\/\/tourismhr.ca\/fr\/wp-json\/wp\/v2\/users\/1"}],"replies":[{"embeddable":true,"href":"https:\/\/tourismhr.ca\/fr\/wp-json\/wp\/v2\/comments?post=46350"}],"version-history":[{"count":0,"href":"https:\/\/tourismhr.ca\/fr\/wp-json\/wp\/v2\/pages\/46350\/revisions"}],"up":[{"embeddable":true,"href":"https:\/\/tourismhr.ca\/fr\/wp-json\/wp\/v2\/pages\/46334"}],"wp:attachment":[{"href":"https:\/\/tourismhr.ca\/fr\/wp-json\/wp\/v2\/media?parent=46350"}],"curies":[{"name":"wp","href":"https:\/\/api.w.org\/{rel}","templated":true}]}}